{"id":4529,"date":"2022-05-10T15:51:14","date_gmt":"2022-05-10T14:51:14","guid":{"rendered":"https:\/\/resources.physio-pedia.com\/resource\/global-competency-and-outcomes-framework-for-universal-health-coverage\/"},"modified":"2022-05-10T15:51:15","modified_gmt":"2022-05-10T14:51:15","slug":"global-competency-and-outcomes-framework-for-universal-health-coverage","status":"publish","type":"resource","link":"https:\/\/resources.physio-pedia.com\/fr\/resource\/global-competency-and-outcomes-framework-for-universal-health-coverage\/","title":{"rendered":"Cadre mondial des comp\u00e9tences et r\u00e9sultats pour la Couverture sanitaire universelle"},"content":{"rendered":"\n<p>L&rsquo;objectif du Cadre mondial des comp\u00e9tences et r\u00e9sultats pour la Couverture sanitaire universelle (CSU) est de faire progresser les am\u00e9liorations de la sant\u00e9 et les progr\u00e8s vers la CSU en alignant les approches de formation des travailleurs de la sant\u00e9 sur les besoins de sant\u00e9 de la population et les demandes du syst\u00e8me de sant\u00e9. L&rsquo;objectif principal de ce document est d&rsquo;aider \u00e0 orienter la sp\u00e9cification des r\u00e9sultats obtenus en mati\u00e8re d&rsquo;\u00e9ducation bas\u00e9e sur les comp\u00e9tences, avant et pendant le service, pour les travailleurs de la sant\u00e9. Ces r\u00e9sultats contribueront \u00e0 leur tour \u00e0 l&rsquo;\u00e9laboration de programmes d&rsquo;\u00e9tudes, d&rsquo;activit\u00e9s d&rsquo;apprentissage et d&rsquo;approches d&rsquo;\u00e9valuation pertinents.<\/p>\n\n<p>Le Cadre mondial des comp\u00e9tences et r\u00e9sultats pour la Couverture sanitaire universelle identifie les comp\u00e9tences des travailleurs de la sant\u00e9 en vue de la r\u00e9alisation de la CSU, et les organise en six domaines : orientation vers la personne, prise de d\u00e9cision, communication, collaboration, pratique fond\u00e9e sur des donn\u00e9es probantes et conduite personnelle. Il fournit ensuite des conseils aux \u00e9ducateurs pour int\u00e9grer les comp\u00e9tences en mati\u00e8re de CHU dans des programmes d&rsquo;\u00e9tudes bas\u00e9s sur les comp\u00e9tences et organis\u00e9s autour d&rsquo;activit\u00e9s pratiques sp\u00e9cifiques aux services de sant\u00e9 individuels et de population, de gestion et d&rsquo;organisation, le cas \u00e9ch\u00e9ant. Ce cadre a \u00e9t\u00e9 \u00e9labor\u00e9 dans l&rsquo;optique de parcours de formation initiale de 12 \u00e0 48 mois. <\/p>\n","protected":false},"featured_media":4468,"template":"","resource_category":[391],"class_list":["post-4529","resource","type-resource","status-publish","has-post-thumbnail","hentry","resource_category-education-fr","resource_tags-framework-fr","resource_tags-couverture-sanitaire-universelle","resource_tags-core-competencies-fr"],"acf":[],"_links":{"self":[{"href":"https:\/\/resources.physio-pedia.com\/fr\/wp-json\/wp\/v2\/resource\/4529","targetHints":{"allow":["GET"]}}],"collection":[{"href":"https:\/\/resources.physio-pedia.com\/fr\/wp-json\/wp\/v2\/resource"}],"about":[{"href":"https:\/\/resources.physio-pedia.com\/fr\/wp-json\/wp\/v2\/types\/resource"}],"wp:featuredmedia":[{"embeddable":true,"href":"https:\/\/resources.physio-pedia.com\/fr\/wp-json\/wp\/v2\/media\/4468"}],"wp:attachment":[{"href":"https:\/\/resources.physio-pedia.com\/fr\/wp-json\/wp\/v2\/media?parent=4529"}],"wp:term":[{"taxonomy":"resource_category","embeddable":true,"href":"https:\/\/resources.physio-pedia.com\/fr\/wp-json\/wp\/v2\/resource_category?post=4529"}],"curies":[{"name":"wp","href":"https:\/\/api.w.org\/{rel}","templated":true}]}}